{"id":402,"date":"2018-02-08T05:15:57","date_gmt":"2018-02-08T05:15:57","guid":{"rendered":"http:\/\/www.learningpro.ro\/?page_id=402"},"modified":"2018-03-18T12:09:05","modified_gmt":"2018-03-18T12:09:05","slug":"digital-leadership","status":"publish","type":"page","link":"https:\/\/www.learningpro.ro\/en\/digital-leadership\/","title":{"rendered":"Digital Leadership"},"content":{"rendered":"<p>[vc_row full_width=&#8221;stretch_row&#8221; css=&#8221;.vc_custom_1518075184297{padding-top: 110px !important;padding-bottom: 110px !important;background-image: url(http:\/\/www.learningpro.ro\/wp-content\/uploads\/2018\/02\/Digital-Leadership.jpg?id=477) !important;background-position: center !important;background-repeat: no-repeat !important;background-size: cover !important;}&#8221;][vc_column][vc_column_text el_class=&#8221;alb&#8221;]<\/p>\n<h1 style=\"text-align: center;\">Digital Leadership<\/h1>\n<p>[\/vc_column_text][\/vc_column][\/vc_row][vc_row gap=&#8221;20&#8243; equal_height=&#8221;yes&#8221; content_placement=&#8221;middle&#8221; css=&#8221;.vc_custom_1518066713637{padding-top: 30px !important;}&#8221;][vc_column width=&#8221;1\/2&#8243; css=&#8221;.vc_custom_1518075289412{padding-top: 30px !important;padding-bottom: 30px !important;background-image: url(http:\/\/www.learningpro.ro\/wp-content\/uploads\/2018\/02\/Digital-Leadership-Program0.jpg?id=408) !important;background-position: center !important;background-repeat: no-repeat !important;background-size: cover !important;}&#8221;][vc_column_text el_class=&#8221;alb&#8221; css=&#8221;.vc_custom_1520241031213{padding-top: 30px !important;}&#8221;]<\/p>\n<h2 style=\"text-align: center;\">Digital Leadership Program<\/h2>\n<p style=\"text-align: center;\">A leadership program that reveals and incorporates digital understanding as a key success factor for all business leaders<\/p>\n<p style=\"text-align: center;\"><a   class=\"button  button_size_2\"  href=\"http:\/\/www.learningpro.ro\/digital-leadership\/digital-leadership-program\/\"     title=\"\"><span class=\"button_label\">DETAILS<\/span><\/a>\n<\/p>\n<p>[\/vc_column_text][\/vc_column][vc_column width=&#8221;1\/2&#8243; css=&#8221;.vc_custom_1518075325323{padding-top: 30px !important;padding-bottom: 30px !important;background-image: url(http:\/\/www.learningpro.ro\/wp-content\/uploads\/2018\/02\/conference.jpg?id=447) !important;background-position: center !important;background-repeat: no-repeat !important;background-size: cover !important;}&#8221;][vc_column_text el_class=&#8221;alb&#8221; css=&#8221;.vc_custom_1520241958870{padding-top: 30px !important;}&#8221;]<\/p>\n<h2 style=\"text-align: center;\">Digital Leadership Conference<\/h2>\n<p style=\"text-align: center;\">Learning Pro organized together with Ziarul Financiar<br \/>\nfor the first time in Romania the conference DIGITAL LEADERSHIP<br \/>\nHow to Be a Leader in the Digital Age?<\/p>\n<p style=\"text-align: center;\"><a   class=\"button  button_size_2\"  href=\"http:\/\/www.learningpro.ro\/digital-leadership\/conferinta-digital-leadership\/\"     title=\"\"><span class=\"button_label\">DETAILS<\/span><\/a>\n<\/p>\n<p>[\/vc_column_text][\/vc_column][\/vc_row][vc_row gap=&#8221;20&#8243; equal_height=&#8221;yes&#8221; content_placement=&#8221;middle&#8221; css=&#8221;.vc_custom_1518066713637{padding-top: 30px !important;}&#8221;][vc_column width=&#8221;1\/2&#8243; css=&#8221;.vc_custom_1518075468132{padding-top: 30px !important;padding-bottom: 30px !important;background-image: url(http:\/\/www.learningpro.ro\/wp-content\/uploads\/2018\/02\/Digital-and-Social-Selling0.jpg?id=460) !important;background-position: center !important;background-repeat: no-repeat !important;background-size: cover !important;}&#8221;][vc_column_text el_class=&#8221;alb&#8221; css=&#8221;.vc_custom_1520241067628{padding-top: 30px !important;}&#8221;]<\/p>\n<h2 style=\"text-align: center;\">Digital and Social Selling<\/h2>\n<p style=\"text-align: center;\"><span id=\"result_box\" class=\"\" lang=\"en\" tabindex=\"-1\"><span class=\"\">Digital Selling Capabilities and Practical Application of Digital Tools and Social Selling Techniques<\/span><\/span><\/p>\n<p style=\"text-align: center;\"><a   class=\"button  button_size_2\"  href=\"http:\/\/www.learningpro.ro\/digital-leadership\/digital-and-social-selling\/\"     title=\"\"><span class=\"button_label\">DETAILS<\/span><\/a>\n<\/p>\n<p>[\/vc_column_text][\/vc_column][vc_column width=&#8221;1\/2&#8243; css=&#8221;.vc_custom_1518075540028{padding-top: 30px !important;padding-bottom: 30px !important;background-image: url(http:\/\/www.learningpro.ro\/wp-content\/uploads\/2018\/02\/Digital-Learning0.jpg?id=470) !important;background-position: center !important;background-repeat: no-repeat !important;background-size: cover !important;}&#8221;][vc_column_text el_class=&#8221;alb&#8221; css=&#8221;.vc_custom_1520241075818{padding-top: 30px !important;}&#8221;]<\/p>\n<h2 style=\"text-align: center;\">Digital Learning<\/h2>\n<p style=\"text-align: center;\">Digital learning technologies can enable your employees to grasp concepts more quickly and fully.<\/p>\n<p style=\"text-align: center;\"><a   class=\"button  button_size_2\"  href=\"http:\/\/www.learningpro.ro\/digital-leadership\/digital-learning\/\"     title=\"\"><span class=\"button_label\">DETAILS<\/span><\/a>\n<\/p>\n<p>[\/vc_column_text][\/vc_column][\/vc_row]<\/p>\n","protected":false},"excerpt":{"rendered":"<p>[vc_row full_width=&#8221;stretch_row&#8221; css=&#8221;.vc_custom_1518075184297{padding-top: 110px !important;padding-bottom: 110px !important;background-image: url(http:\/\/www.learningpro.ro\/wp-content\/uploads\/2018\/02\/Digital-Leadership.jpg?id=477) !important;background-position: center !important;background-repeat: no-repeat !important;background-size: cover !important;}&#8221;][vc_column][vc_column_text el_class=&#8221;alb&#8221;] Digital Leadership [\/vc_column_text][\/vc_column][\/vc_row][vc_row gap=&#8221;20&#8243; equal_height=&#8221;yes&#8221; content_placement=&#8221;middle&#8221; css=&#8221;.vc_custom_1518066713637{padding-top: 30px !important;}&#8221;][vc_column width=&#8221;1\/2&#8243; css=&#8221;.vc_custom_1518075289412{padding-top: 30px !important;padding-bottom: 30px !important;background-image: url(http:\/\/www.learningpro.ro\/wp-content\/uploads\/2018\/02\/Digital-Leadership-Program0.jpg?id=408) !important;background-position: center !important;background-repeat: no-repeat !important;background-size: cover !important;}&#8221;][vc_column_text el_class=&#8221;alb&#8221; css=&#8221;.vc_custom_1520241031213{padding-top: 30px !important;}&#8221;] Digital Leadership Program A leadership program that<span class=\"excerpt-hellip\"> [\u2026]<\/span><\/p>\n","protected":false},"author":1,"featured_media":0,"parent":0,"menu_order":0,"comment_status":"closed","ping_status":"closed","template":"","meta":{"footnotes":""},"class_list":["post-402","page","type-page","status-publish","hentry"],"yoast_head":"<!-- This site is optimized with the Yoast SEO plugin v27.2 - https:\/\/yoast.com\/product\/yoast-seo-wordpress\/ -->\n<title>Digital Leadership \u2013 Competen\u021bele cheie \u00een succesul transform\u0103rii digitale<\/title>\n<meta name=\"description\" content=\"Digital Leadership \u2013 Afl\u0103 cum po\u021bi avea succes \u00een era digital\u0103 prin echiparea cu abilit\u0103\u021bi de leadership digital \u0219i utilizarea tehnologiei \u0219i a re\u021belelor sociale \u00een learning, marketing sau v\u00e2nz\u0103ri. De altfel, Learning Pro a organizat \u00eempreun\u0103 cu Ziarul Financiar prima conferin\u021b\u0103 pe tema Digital Leadership \u00een Rom\u00e2nia.\" \/>\n<meta name=\"robots\" content=\"index, follow, max-snippet:-1, max-image-preview:large, max-video-preview:-1\" \/>\n<link rel=\"canonical\" href=\"https:\/\/www.learningpro.ro\/digital-leadership\/\" \/>\n<meta property=\"og:locale\" content=\"en_US\" \/>\n<meta property=\"og:type\" content=\"article\" \/>\n<meta property=\"og:title\" content=\"Digital Leadership \u2013 Competen\u021bele cheie \u00een succesul transform\u0103rii digitale\" \/>\n<meta property=\"og:description\" content=\"Digital Leadership \u2013 Afl\u0103 cum po\u021bi avea succes \u00een era digital\u0103 prin echiparea cu abilit\u0103\u021bi de leadership digital \u0219i utilizarea tehnologiei \u0219i a re\u021belelor sociale \u00een learning, marketing sau v\u00e2nz\u0103ri. De altfel, Learning Pro a organizat \u00eempreun\u0103 cu Ziarul Financiar prima conferin\u021b\u0103 pe tema Digital Leadership \u00een Rom\u00e2nia.\" \/>\n<meta property=\"og:url\" content=\"https:\/\/www.learningpro.ro\/digital-leadership\/\" \/>\n<meta property=\"og:site_name\" content=\"Learning Pro\" \/>\n<meta property=\"article:publisher\" content=\"https:\/\/www.facebook.com\/learningpro\/\" \/>\n<meta property=\"article:modified_time\" content=\"2018-03-18T12:09:05+00:00\" \/>\n<meta name=\"twitter:card\" content=\"summary_large_image\" \/>\n<meta name=\"twitter:site\" content=\"@Learning_Pro\" \/>\n<meta name=\"twitter:label1\" content=\"Est. reading time\" \/>\n\t<meta name=\"twitter:data1\" content=\"2 minutes\" \/>\n<script type=\"application\/ld+json\" class=\"yoast-schema-graph\">{\"@context\":\"https:\/\/schema.org\",\"@graph\":[{\"@type\":\"WebPage\",\"@id\":\"https:\/\/www.learningpro.ro\/digital-leadership\/\",\"url\":\"https:\/\/www.learningpro.ro\/digital-leadership\/\",\"name\":\"Digital Leadership \u2013 Competen\u021bele cheie \u00een succesul transform\u0103rii digitale\",\"isPartOf\":{\"@id\":\"https:\/\/www.learningpro.ro\/#website\"},\"datePublished\":\"2018-02-08T05:15:57+00:00\",\"dateModified\":\"2018-03-18T12:09:05+00:00\",\"description\":\"Digital Leadership \u2013 Afl\u0103 cum po\u021bi avea succes \u00een era digital\u0103 prin echiparea cu abilit\u0103\u021bi de leadership digital \u0219i utilizarea tehnologiei \u0219i a re\u021belelor sociale \u00een learning, marketing sau v\u00e2nz\u0103ri. De altfel, Learning Pro a organizat \u00eempreun\u0103 cu Ziarul Financiar prima conferin\u021b\u0103 pe tema Digital Leadership \u00een Rom\u00e2nia.\",\"breadcrumb\":{\"@id\":\"https:\/\/www.learningpro.ro\/digital-leadership\/#breadcrumb\"},\"inLanguage\":\"en-US\",\"potentialAction\":[{\"@type\":\"ReadAction\",\"target\":[\"https:\/\/www.learningpro.ro\/digital-leadership\/\"]}]},{\"@type\":\"BreadcrumbList\",\"@id\":\"https:\/\/www.learningpro.ro\/digital-leadership\/#breadcrumb\",\"itemListElement\":[{\"@type\":\"ListItem\",\"position\":1,\"name\":\"Prima pagin\u0103\",\"item\":\"https:\/\/www.learningpro.ro\/\"},{\"@type\":\"ListItem\",\"position\":2,\"name\":\"Digital Leadership\"}]},{\"@type\":\"WebSite\",\"@id\":\"https:\/\/www.learningpro.ro\/#website\",\"url\":\"https:\/\/www.learningpro.ro\/\",\"name\":\"Learning Pro\",\"description\":\"Your Knowledge Journey\",\"publisher\":{\"@id\":\"https:\/\/www.learningpro.ro\/#organization\"},\"potentialAction\":[{\"@type\":\"SearchAction\",\"target\":{\"@type\":\"EntryPoint\",\"urlTemplate\":\"https:\/\/www.learningpro.ro\/?s={search_term_string}\"},\"query-input\":{\"@type\":\"PropertyValueSpecification\",\"valueRequired\":true,\"valueName\":\"search_term_string\"}}],\"inLanguage\":\"en-US\"},{\"@type\":\"Organization\",\"@id\":\"https:\/\/www.learningpro.ro\/#organization\",\"name\":\"Learning Pro\",\"alternateName\":\"Learning Pro Consulting\",\"url\":\"https:\/\/www.learningpro.ro\/\",\"logo\":{\"@type\":\"ImageObject\",\"inLanguage\":\"en-US\",\"@id\":\"https:\/\/www.learningpro.ro\/#\/schema\/logo\/image\/\",\"url\":\"https:\/\/www.learningpro.ro\/wp-content\/uploads\/2023\/02\/Learning-Pro.svg\",\"contentUrl\":\"https:\/\/www.learningpro.ro\/wp-content\/uploads\/2023\/02\/Learning-Pro.svg\",\"width\":1,\"height\":1,\"caption\":\"Learning Pro\"},\"image\":{\"@id\":\"https:\/\/www.learningpro.ro\/#\/schema\/logo\/image\/\"},\"sameAs\":[\"https:\/\/www.facebook.com\/learningpro\/\",\"https:\/\/x.com\/Learning_Pro\",\"https:\/\/www.linkedin.com\/company\/LearningPro\/\",\"https:\/\/ro.pinterest.com\/learningpro\/\",\"https:\/\/www.youtube.com\/user\/LearningProTV\"]}]}<\/script>\n<!-- \/ Yoast SEO plugin. -->","yoast_head_json":{"title":"Digital Leadership \u2013 Competen\u021bele cheie \u00een succesul transform\u0103rii digitale","description":"Digital Leadership \u2013 Afl\u0103 cum po\u021bi avea succes \u00een era digital\u0103 prin echiparea cu abilit\u0103\u021bi de leadership digital \u0219i utilizarea tehnologiei \u0219i a re\u021belelor sociale \u00een learning, marketing sau v\u00e2nz\u0103ri. De altfel, Learning Pro a organizat \u00eempreun\u0103 cu Ziarul Financiar prima conferin\u021b\u0103 pe tema Digital Leadership \u00een Rom\u00e2nia.","robots":{"index":"index","follow":"follow","max-snippet":"max-snippet:-1","max-image-preview":"max-image-preview:large","max-video-preview":"max-video-preview:-1"},"canonical":"https:\/\/www.learningpro.ro\/digital-leadership\/","og_locale":"en_US","og_type":"article","og_title":"Digital Leadership \u2013 Competen\u021bele cheie \u00een succesul transform\u0103rii digitale","og_description":"Digital Leadership \u2013 Afl\u0103 cum po\u021bi avea succes \u00een era digital\u0103 prin echiparea cu abilit\u0103\u021bi de leadership digital \u0219i utilizarea tehnologiei \u0219i a re\u021belelor sociale \u00een learning, marketing sau v\u00e2nz\u0103ri. De altfel, Learning Pro a organizat \u00eempreun\u0103 cu Ziarul Financiar prima conferin\u021b\u0103 pe tema Digital Leadership \u00een Rom\u00e2nia.","og_url":"https:\/\/www.learningpro.ro\/digital-leadership\/","og_site_name":"Learning Pro","article_publisher":"https:\/\/www.facebook.com\/learningpro\/","article_modified_time":"2018-03-18T12:09:05+00:00","twitter_card":"summary_large_image","twitter_site":"@Learning_Pro","twitter_misc":{"Est. reading time":"2 minutes"},"schema":{"@context":"https:\/\/schema.org","@graph":[{"@type":"WebPage","@id":"https:\/\/www.learningpro.ro\/digital-leadership\/","url":"https:\/\/www.learningpro.ro\/digital-leadership\/","name":"Digital Leadership \u2013 Competen\u021bele cheie \u00een succesul transform\u0103rii digitale","isPartOf":{"@id":"https:\/\/www.learningpro.ro\/#website"},"datePublished":"2018-02-08T05:15:57+00:00","dateModified":"2018-03-18T12:09:05+00:00","description":"Digital Leadership \u2013 Afl\u0103 cum po\u021bi avea succes \u00een era digital\u0103 prin echiparea cu abilit\u0103\u021bi de leadership digital \u0219i utilizarea tehnologiei \u0219i a re\u021belelor sociale \u00een learning, marketing sau v\u00e2nz\u0103ri. De altfel, Learning Pro a organizat \u00eempreun\u0103 cu Ziarul Financiar prima conferin\u021b\u0103 pe tema Digital Leadership \u00een Rom\u00e2nia.","breadcrumb":{"@id":"https:\/\/www.learningpro.ro\/digital-leadership\/#breadcrumb"},"inLanguage":"en-US","potentialAction":[{"@type":"ReadAction","target":["https:\/\/www.learningpro.ro\/digital-leadership\/"]}]},{"@type":"BreadcrumbList","@id":"https:\/\/www.learningpro.ro\/digital-leadership\/#breadcrumb","itemListElement":[{"@type":"ListItem","position":1,"name":"Prima pagin\u0103","item":"https:\/\/www.learningpro.ro\/"},{"@type":"ListItem","position":2,"name":"Digital Leadership"}]},{"@type":"WebSite","@id":"https:\/\/www.learningpro.ro\/#website","url":"https:\/\/www.learningpro.ro\/","name":"Learning Pro","description":"Your Knowledge Journey","publisher":{"@id":"https:\/\/www.learningpro.ro\/#organization"},"potentialAction":[{"@type":"SearchAction","target":{"@type":"EntryPoint","urlTemplate":"https:\/\/www.learningpro.ro\/?s={search_term_string}"},"query-input":{"@type":"PropertyValueSpecification","valueRequired":true,"valueName":"search_term_string"}}],"inLanguage":"en-US"},{"@type":"Organization","@id":"https:\/\/www.learningpro.ro\/#organization","name":"Learning Pro","alternateName":"Learning Pro Consulting","url":"https:\/\/www.learningpro.ro\/","logo":{"@type":"ImageObject","inLanguage":"en-US","@id":"https:\/\/www.learningpro.ro\/#\/schema\/logo\/image\/","url":"https:\/\/www.learningpro.ro\/wp-content\/uploads\/2023\/02\/Learning-Pro.svg","contentUrl":"https:\/\/www.learningpro.ro\/wp-content\/uploads\/2023\/02\/Learning-Pro.svg","width":1,"height":1,"caption":"Learning Pro"},"image":{"@id":"https:\/\/www.learningpro.ro\/#\/schema\/logo\/image\/"},"sameAs":["https:\/\/www.facebook.com\/learningpro\/","https:\/\/x.com\/Learning_Pro","https:\/\/www.linkedin.com\/company\/LearningPro\/","https:\/\/ro.pinterest.com\/learningpro\/","https:\/\/www.youtube.com\/user\/LearningProTV"]}]}},"_links":{"self":[{"href":"https:\/\/www.learningpro.ro\/en\/wp-json\/wp\/v2\/pages\/402","targetHints":{"allow":["GET"]}}],"collection":[{"href":"https:\/\/www.learningpro.ro\/en\/wp-json\/wp\/v2\/pages"}],"about":[{"href":"https:\/\/www.learningpro.ro\/en\/wp-json\/wp\/v2\/types\/page"}],"author":[{"embeddable":true,"href":"https:\/\/www.learningpro.ro\/en\/wp-json\/wp\/v2\/users\/1"}],"replies":[{"embeddable":true,"href":"https:\/\/www.learningpro.ro\/en\/wp-json\/wp\/v2\/comments?post=402"}],"version-history":[{"count":10,"href":"https:\/\/www.learningpro.ro\/en\/wp-json\/wp\/v2\/pages\/402\/revisions"}],"predecessor-version":[{"id":857,"href":"https:\/\/www.learningpro.ro\/en\/wp-json\/wp\/v2\/pages\/402\/revisions\/857"}],"wp:attachment":[{"href":"https:\/\/www.learningpro.ro\/en\/wp-json\/wp\/v2\/media?parent=402"}],"curies":[{"name":"wp","href":"https:\/\/api.w.org\/{rel}","templated":true}]}}