{"id":155,"date":"2018-02-07T06:02:50","date_gmt":"2018-02-07T06:02:50","guid":{"rendered":"http:\/\/www.learningpro.ro\/?page_id=155"},"modified":"2020-02-19T10:25:42","modified_gmt":"2020-02-19T08:25:42","slug":"despre-noi","status":"publish","type":"page","link":"https:\/\/www.learningpro.ro\/en\/despre-noi\/","title":{"rendered":"About Us"},"content":{"rendered":"<p>[vc_row full_width=&#8221;stretch_row_content&#8221; css=&#8221;.vc_custom_1521002885398{margin-bottom: 0px !important;border-bottom-width: 0px !important;padding-bottom: 0px !important;background-image: url(http:\/\/www.learningpro.ro\/wp-content\/uploads\/2018\/02\/desprenoi.jpg?id=655) !important;background-position: center !important;background-repeat: no-repeat !important;background-size: cover !important;}&#8221;][vc_column el_id=&#8221;bgcentrujos&#8221; css=&#8221;.vc_custom_1521002875723{padding-top: 60px !important;padding-bottom: 80px !important;background-image: url(http:\/\/www.learningpro.ro\/wp-content\/uploads\/2018\/03\/home_meeting_slider_pic22.png?id=1294) !important;}&#8221;][vc_column_text el_class=&#8221;alb&#8221;]<\/p>\n<h1 style=\"text-align: center;\">About Us<\/h1>\n<h3 style=\"text-align: center;\">Learning Pro is a leading agency for the next generation learning products and services.<\/h3>\n<p>[\/vc_column_text][\/vc_column][\/vc_row][vc_row full_width=&#8221;stretch_row&#8221; css=&#8221;.vc_custom_1518592370854{margin-top: -3px !important;margin-bottom: 0px !important;border-top-width: 0px !important;border-bottom-width: 0px !important;padding-top: 60px !important;padding-bottom: 0px !important;background-color: #002f60 !important;}&#8221; el_class=&#8221;alb&#8221;][vc_column css=&#8221;.vc_custom_1518592420261{margin-bottom: 0px !important;border-bottom-width: 0px !important;padding-bottom: 0px !important;}&#8221;][vc_row_inner][vc_column_inner][vc_column_text css_animation=&#8221;none&#8221;]<\/p>\n<h4 style=\"text-align: center;\">Expertise, innovation and creativity define our work of designing and implementing solutions that enhance the performance of your organization.<\/h4>\n<p style=\"text-align: center;\"><strong>What sets us apart?<\/strong><\/p>\n<p style=\"text-align: center;\">We work closely with forward-thinking global organization to deliver better workplace performance, using advanced learning technologies.<\/p>\n<p>&nbsp;<\/p>\n<h1 style=\"text-align: center;\">The beginning<\/h1>\n<p>&nbsp;<\/p>\n<p style=\"text-align: center;\"><img loading=\"lazy\" decoding=\"async\" class=\"aligncenter size-full wp-image-77\" src=\"http:\/\/www.learningpro.ro\/wp-content\/uploads\/2017\/10\/home_meeting_event5.png\" alt=\"\" width=\"660\" height=\"180\" srcset=\"https:\/\/www.learningpro.ro\/wp-content\/uploads\/2017\/10\/home_meeting_event5.png 660w, https:\/\/www.learningpro.ro\/wp-content\/uploads\/2017\/10\/home_meeting_event5-600x164.png 600w, https:\/\/www.learningpro.ro\/wp-content\/uploads\/2017\/10\/home_meeting_event5-260x71.png 260w, https:\/\/www.learningpro.ro\/wp-content\/uploads\/2017\/10\/home_meeting_event5-50x14.png 50w, https:\/\/www.learningpro.ro\/wp-content\/uploads\/2017\/10\/home_meeting_event5-150x41.png 150w\" sizes=\"auto, (max-width:767px) 480px, 660px\" \/><\/p>\n<p><strong>Learning Pro<\/strong> was founded in 2010 from our belief that the 21st Century will require organizations and their employees to learn continuously. Since then, we have worked on big, impact-driven projects and created the foundation of a company in which many multinationals put their trust.<\/p>\n<p>At the heart of Learning Pro center is <strong><a href=\"https:\/\/www.linkedin.com\/in\/cosminac\" target=\"_blank\" rel=\"noopener noreferrer\">Cosmina Coman<\/a><\/strong>. Cosmina&#8217;s experience spans across industries, business challenges and disciplines. Her contributions to areas such as strategy, organizational development, human resources and their development are proof of her vast experience, talent and energy.<br \/>\n<strong><a href=\"https:\/\/www.linkedin.com\/in\/cosminac\" target=\"_blank\" rel=\"noopener noreferrer\">Cosmina Coman<\/a> <\/strong>led, as Executive Director at BCR, a member of Erste Bank Group, all the processes and activities of Learning &amp; Development for all BCR employees.<br \/>\nThere she coordinated the implementation of the first e-learning platform in the Romanian banking system and launched and led for three years the first corporate university in Romania &#8211; BCR University.<br \/>\nThese experiences position Cosmina in a unique way on the market, understanding all the nuances of customers&#8217; needs and challenges from their perspective, and not of a simple supplier, thus offering customers the most appropriate solutions.<br \/>\n<a href=\"https:\/\/www.linkedin.com\/in\/cosminac\" target=\"_blank\" rel=\"noopener noreferrer\"><strong>Cosmina Coman<\/strong><\/a> has an Executive MBA and has obtained many international certifications in the field of human resources, of which the most important is Advanced Certificate in Strategic Learning &amp; Development Management obtained by graduating from the <strong><a href=\"https:\/\/www.cipd.co.uk\/\" target=\"_blank\" rel=\"noopener noreferrer\">Chartered Institute of Personnel Development Program (CIPD)<\/a> <\/strong>in London.[\/vc_column_text][\/vc_column_inner][\/vc_row_inner][\/vc_column][\/vc_row][vc_row css=&#8221;.vc_custom_1518592764935{padding-bottom: 60px !important;}&#8221;][vc_column][vc_column_text]<\/p>\n<h1 style=\"text-align: center;\">The shift to Digital Learning<\/h1>\n<p style=\"text-align: center;\">In 2017, as we all entered into the new age of Digital, we have listened to our customers and to ourselves and decided to focus our offering mostly on services and products that respond to and anticipate the today learner\u2019s needs. Microlearning, personalization, gamification are just some of the methods that we include in our digital learning solutions supported by our world class partnerships that we have started last year: <strong><a href=\"http:\/\/www.learningpro.ro\/en\/learning-technologies\/limbi-straine\/\">Speexx<\/a><\/strong>, the online communication and foreign language learning platform, <a href=\"http:\/\/www.learningpro.ro\/en\/learning-technologies\/gamification\/\"><strong>Games for Business<\/strong><\/a>, the multiple awarded gamification platform, <strong><a href=\"http:\/\/www.learningpro.ro\/en\/learning-technologies\/learning-ecosistem\/\">Netex Learning Technologies<\/a><\/strong>, the personalized, app-driven learner experience can be switched on overnight with a range of apps to transform your existing onboarding, induction and compliance training into an engaging, results driven experience, and <strong><a href=\"http:\/\/www.learningpro.ro\/en\/learning-technologies\/ebook\/\">Bookboon<\/a><\/strong>, the largest eBook publisher in the world.<\/p>\n<p>Permanently connected to digital trends, we have initiated and organized last year with <strong><a href=\"http:\/\/www.zf.ro\/special\/zf-digital-leadership-cum-sa-fii-lider-in-era-digitala-statul-trebuie-sa-acorde-imm-urilor-vouchere-de-consultanta-in-digitalizare-16779636\" target=\"_blank\" rel=\"noopener noreferrer\">Ziarul Financiar<\/a><\/strong> the first business conference in Romania on <a href=\"http:\/\/www.learningpro.ro\/en\/digital-leadership\/conferinta-digital-leadership\/\"><strong>Digital Leadership<\/strong><\/a>.<\/p>\n<h1 style=\"text-align: center;\">Clients<\/h1>\n<p>Learning Pro has developed and delivered impactful trainings for the developing various employee skills in companies from various industries such as\u00a0<strong>Orange Romania, Brico D\u00e9p\u00f4t Romania, Orange Business Services, Uipath, Soci\u00e9t\u00e9 G\u00e9n\u00e9rale Global Solution Centre, Stefanini EMEA, Generali Romania, Oracle Romania, Banca Transilvania, BCR Life Insurance, Signal Iduna, Veneto Banca, Office Depot Shared Services Center, Ceetrus Romania, Avantgarden Immo Invest, National Bank of Romania<\/strong> etc.[\/vc_column_text][\/vc_column][\/vc_row][vc_row full_width=&#8221;stretch_row_content_no_spaces&#8221; equal_height=&#8221;yes&#8221; content_placement=&#8221;middle&#8221; css=&#8221;.vc_custom_1518593025769{margin-top: -100px !important;margin-bottom: 0px !important;border-bottom-width: 0px !important;padding-bottom: 0px !important;}&#8221; el_id=&#8221;zjos&#8221;][vc_column][vc_column_text]<img decoding=\"async\" class=\"aligncenter wp-image-85 size-full\" src=\"http:\/\/www.learningpro.ro\/wp-content\/uploads\/2017\/10\/home_meeting_decoration2.png\" alt=\"\" width=\"100%\" srcset=\"https:\/\/www.learningpro.ro\/wp-content\/uploads\/2017\/10\/home_meeting_decoration2.png 1920w, https:\/\/www.learningpro.ro\/wp-content\/uploads\/2017\/10\/home_meeting_decoration2-600x31.png 600w, https:\/\/www.learningpro.ro\/wp-content\/uploads\/2017\/10\/home_meeting_decoration2-768x40.png 768w, https:\/\/www.learningpro.ro\/wp-content\/uploads\/2017\/10\/home_meeting_decoration2-1024x53.png 1024w, https:\/\/www.learningpro.ro\/wp-content\/uploads\/2017\/10\/home_meeting_decoration2-260x14.png 260w, https:\/\/www.learningpro.ro\/wp-content\/uploads\/2017\/10\/home_meeting_decoration2-50x3.png 50w, https:\/\/www.learningpro.ro\/wp-content\/uploads\/2017\/10\/home_meeting_decoration2-150x8.png 150w\" sizes=\"(max-width:767px) 480px, (max-width:1920px) 100vw, 1920px\" \/>[\/vc_column_text][\/vc_column][\/vc_row][vc_row full_width=&#8221;stretch_row&#8221; css=&#8221;.vc_custom_1518592949482{margin-top: -3px !important;border-top-width: 0px !important;padding-top: 30px !important;padding-bottom: 10px !important;background-color: #f1f5f9 !important;}&#8221;][vc_column][vc_column_text css_animation=&#8221;zoomIn&#8221;]<\/p>\n<h1 style=\"text-align: center;\">Interviews &amp; Media Appearances<\/h1>\n<p style=\"text-align: center;\"><img loading=\"lazy\" decoding=\"async\" class=\"size-full wp-image-100 aligncenter\" src=\"http:\/\/www.learningpro.ro\/wp-content\/uploads\/2017\/10\/home_meeting_program1.png\" alt=\"\" width=\"461\" height=\"204\" srcset=\"https:\/\/www.learningpro.ro\/wp-content\/uploads\/2017\/10\/home_meeting_program1.png 461w, https:\/\/www.learningpro.ro\/wp-content\/uploads\/2017\/10\/home_meeting_program1-260x115.png 260w, https:\/\/www.learningpro.ro\/wp-content\/uploads\/2017\/10\/home_meeting_program1-50x22.png 50w, https:\/\/www.learningpro.ro\/wp-content\/uploads\/2017\/10\/home_meeting_program1-150x66.png 150w\" sizes=\"auto, (max-width:767px) 461px, 461px\" \/><\/p>\n<p>[\/vc_column_text][vc_row_inner][vc_column_inner][vc_video link=&#8221;https:\/\/youtu.be\/G_coNIEQZtk&#8221; align=&#8221;center&#8221; title=&#8221;Interview Business Magazin &#8211; 2018&#8243;][\/vc_column_inner][vc_column_inner width=&#8221;1\/2&#8243;][vc_video link=&#8221;https:\/\/www.youtube.com\/watch?v=61UEOwtx5kI&amp;feature=youtu.be&#8221; align=&#8221;center&#8221; css_animation=&#8221;none&#8221; title=&#8221;Interview ZF DIGITAL SUMMIT 2017 &#8211; 14 November 2017&#8243;][\/vc_column_inner][vc_column_inner width=&#8221;1\/2&#8243;][vc_video link=&#8221;https:\/\/www.youtube.com\/watch?v=toxxplQrANo&#8221; align=&#8221;center&#8221; title=&#8221;ZF Live 16 October 2017 &#8211; How to Be a Leader in the Digital Age?&#8221;][\/vc_column_inner][\/vc_row_inner][vc_row_inner][vc_column_inner width=&#8221;1\/2&#8243;][vc_video link=&#8221;https:\/\/www.youtube.com\/watch?v=sU8zaBTAOQU&#8221; align=&#8221;center&#8221; title=&#8221;Ziarul Financiar 11 March 2016 &#8211; How to have well-trained employees&#8221;][\/vc_column_inner][vc_column_inner width=&#8221;1\/2&#8243;][vc_video link=&#8221;https:\/\/youtu.be\/Obt-A6LXBWM&#8221; align=&#8221;center&#8221; title=&#8221;Ziarul Financiar 15 July 2015 &#8211; School of Bankers&#8221;][\/vc_column_inner][\/vc_row_inner][vc_column_text]<\/p>\n<h1 style=\"text-align: center;\">Speaking engagements<\/h1>\n<p>[\/vc_column_text][\/vc_column][\/vc_row][vc_row full_width=&#8221;stretch_row&#8221; css=&#8221;.vc_custom_1518068845059{padding-top: 60px !important;padding-bottom: 20px !important;background-image: url(http:\/\/www.learningpro.ro\/wp-content\/uploads\/2018\/02\/bg-02.jpg?id=428) !important;background-position: 0 0 !important;background-repeat: repeat !important;}&#8221; el_class=&#8221;alb&#8221;][vc_column][vc_row_inner][vc_column_inner width=&#8221;1\/3&#8243;][vc_single_image image=&#8221;1130&#8243; img_size=&#8221;full&#8221; onclick=&#8221;custom_link&#8221; img_link_target=&#8221;_blank&#8221; title=&#8221;ZF Digital Summit &#8217;17 &#8211; Panel: Digital Workforce, Digital Workplace, Digital Tools&#8221; link=&#8221;http:\/\/evenimente.zf.ro\/eveniment-zf-digital-summit-2017-16762377\/speakeri&#8221;][\/vc_column_inner][vc_column_inner width=&#8221;1\/3&#8243;][vc_single_image image=&#8221;1134&#8243; img_size=&#8221;full&#8221; onclick=&#8221;custom_link&#8221; img_link_target=&#8221;_blank&#8221; link=&#8221;http:\/\/www.zf.ro\/business-hi-tech\/cosmina-coman-managing-partner-learning-pro-angajatul-trebuie-sa-fie-vazut-ca-pe-un-client-16818882&#8243;][\/vc_column_inner][vc_column_inner width=&#8221;1\/3&#8243;][vc_single_image image=&#8221;1153&#8243; img_size=&#8221;full&#8221; onclick=&#8221;custom_link&#8221; img_link_target=&#8221;_blank&#8221; title=&#8221;Business Days &#8211; Driving the smart future 14 December 2017&#8243; link=&#8221;https:\/\/www.businessdays.ro\/evenimente\/BBD2017\/Program\/14-decembrie\/SP1&#8243;][\/vc_column_inner][\/vc_row_inner][\/vc_column][\/vc_row]<\/p>\n","protected":false},"excerpt":{"rendered":"<p>[vc_row full_width=&#8221;stretch_row_content&#8221; css=&#8221;.vc_custom_1521002885398{margin-bottom: 0px !important;border-bottom-width: 0px !important;padding-bottom: 0px !important;background-image: url(http:\/\/www.learningpro.ro\/wp-content\/uploads\/2018\/02\/desprenoi.jpg?id=655) !important;background-position: center !important;background-repeat: no-repeat !important;background-size: cover !important;}&#8221;][vc_column el_id=&#8221;bgcentrujos&#8221; css=&#8221;.vc_custom_1521002875723{padding-top: 60px !important;padding-bottom: 80px !important;background-image: url(http:\/\/www.learningpro.ro\/wp-content\/uploads\/2018\/03\/home_meeting_slider_pic22.png?id=1294) !important;}&#8221;][vc_column_text el_class=&#8221;alb&#8221;] About Us Learning Pro is a leading agency for the next generation learning products and services. [\/vc_column_text][\/vc_column][\/vc_row][vc_row full_width=&#8221;stretch_row&#8221; css=&#8221;.vc_custom_1518592370854{margin-top: -3px !important;margin-bottom: 0px !important;border-top-width: 0px<span class=\"excerpt-hellip\"> [\u2026]<\/span><\/p>\n","protected":false},"author":1,"featured_media":0,"parent":0,"menu_order":0,"comment_status":"closed","ping_status":"closed","template":"","meta":{"footnotes":""},"class_list":["post-155","page","type-page","status-publish","hentry"],"yoast_head":"<!-- This site is optimized with the Yoast SEO plugin v27.2 - https:\/\/yoast.com\/product\/yoast-seo-wordpress\/ -->\n<title>Despre Noi - Learning Pro a fost fondat\u0103 \u00een anul 2010 - Cosmina Coman<\/title>\n<meta name=\"description\" content=\"Despre Noi - Learning Pro a fost fondat\u0103 \u00een anul 2010 pornind de la convingerea noastr\u0103 c\u0103 secolul 21 va cere organiza\u021biilor \u0219i angaja\u021bilor lor s\u0103 \u00eenve\u021be continuu: \u00een orice form\u0103, \u00een fiecare zi, \u00een domenii variate, cuno\u0219tin\u021be generale sau specializate \u0219i abilit\u0103\u021bi noi care din ce \u00een ce mai mult trebuie uitate\" \/>\n<meta name=\"robots\" content=\"index, follow, max-snippet:-1, max-image-preview:large, max-video-preview:-1\" \/>\n<link rel=\"canonical\" href=\"https:\/\/www.learningpro.ro\/despre-noi\/\" \/>\n<meta property=\"og:locale\" content=\"en_US\" \/>\n<meta property=\"og:type\" content=\"article\" \/>\n<meta property=\"og:title\" content=\"Despre Noi - Learning Pro a fost fondat\u0103 \u00een anul 2010 - Cosmina Coman\" \/>\n<meta property=\"og:description\" content=\"Despre Noi - Learning Pro a fost fondat\u0103 \u00een anul 2010 pornind de la convingerea noastr\u0103 c\u0103 secolul 21 va cere organiza\u021biilor \u0219i angaja\u021bilor lor s\u0103 \u00eenve\u021be continuu: \u00een orice form\u0103, \u00een fiecare zi, \u00een domenii variate, cuno\u0219tin\u021be generale sau specializate \u0219i abilit\u0103\u021bi noi care din ce \u00een ce mai mult trebuie uitate\" \/>\n<meta property=\"og:url\" content=\"https:\/\/www.learningpro.ro\/despre-noi\/\" \/>\n<meta property=\"og:site_name\" content=\"Learning Pro\" \/>\n<meta property=\"article:publisher\" content=\"https:\/\/www.facebook.com\/learningpro\/\" \/>\n<meta property=\"article:modified_time\" content=\"2020-02-19T08:25:42+00:00\" \/>\n<meta property=\"og:image\" content=\"http:\/\/www.learningpro.ro\/wp-content\/uploads\/2017\/10\/home_meeting_event5.png\" \/>\n<meta name=\"twitter:card\" content=\"summary_large_image\" \/>\n<meta name=\"twitter:site\" content=\"@Learning_Pro\" \/>\n<meta name=\"twitter:label1\" content=\"Est. reading time\" \/>\n\t<meta name=\"twitter:data1\" content=\"6 minutes\" \/>\n<script type=\"application\/ld+json\" class=\"yoast-schema-graph\">{\"@context\":\"https:\/\/schema.org\",\"@graph\":[{\"@type\":\"WebPage\",\"@id\":\"https:\/\/www.learningpro.ro\/despre-noi\/\",\"url\":\"https:\/\/www.learningpro.ro\/despre-noi\/\",\"name\":\"Despre Noi - Learning Pro a fost fondat\u0103 \u00een anul 2010 - Cosmina Coman\",\"isPartOf\":{\"@id\":\"https:\/\/www.learningpro.ro\/#website\"},\"primaryImageOfPage\":{\"@id\":\"https:\/\/www.learningpro.ro\/despre-noi\/#primaryimage\"},\"image\":{\"@id\":\"https:\/\/www.learningpro.ro\/despre-noi\/#primaryimage\"},\"thumbnailUrl\":\"http:\/\/www.learningpro.ro\/wp-content\/uploads\/2017\/10\/home_meeting_event5.png\",\"datePublished\":\"2018-02-07T06:02:50+00:00\",\"dateModified\":\"2020-02-19T08:25:42+00:00\",\"description\":\"Despre Noi - Learning Pro a fost fondat\u0103 \u00een anul 2010 pornind de la convingerea noastr\u0103 c\u0103 secolul 21 va cere organiza\u021biilor \u0219i angaja\u021bilor lor s\u0103 \u00eenve\u021be continuu: \u00een orice form\u0103, \u00een fiecare zi, \u00een domenii variate, cuno\u0219tin\u021be generale sau specializate \u0219i abilit\u0103\u021bi noi care din ce \u00een ce mai mult trebuie uitate\",\"breadcrumb\":{\"@id\":\"https:\/\/www.learningpro.ro\/despre-noi\/#breadcrumb\"},\"inLanguage\":\"en-US\",\"potentialAction\":[{\"@type\":\"ReadAction\",\"target\":[\"https:\/\/www.learningpro.ro\/despre-noi\/\"]}]},{\"@type\":\"ImageObject\",\"inLanguage\":\"en-US\",\"@id\":\"https:\/\/www.learningpro.ro\/despre-noi\/#primaryimage\",\"url\":\"http:\/\/www.learningpro.ro\/wp-content\/uploads\/2017\/10\/home_meeting_event5.png\",\"contentUrl\":\"http:\/\/www.learningpro.ro\/wp-content\/uploads\/2017\/10\/home_meeting_event5.png\"},{\"@type\":\"BreadcrumbList\",\"@id\":\"https:\/\/www.learningpro.ro\/despre-noi\/#breadcrumb\",\"itemListElement\":[{\"@type\":\"ListItem\",\"position\":1,\"name\":\"Prima pagin\u0103\",\"item\":\"https:\/\/www.learningpro.ro\/\"},{\"@type\":\"ListItem\",\"position\":2,\"name\":\"Despre Noi\"}]},{\"@type\":\"WebSite\",\"@id\":\"https:\/\/www.learningpro.ro\/#website\",\"url\":\"https:\/\/www.learningpro.ro\/\",\"name\":\"Learning Pro\",\"description\":\"Your Knowledge Journey\",\"publisher\":{\"@id\":\"https:\/\/www.learningpro.ro\/#organization\"},\"potentialAction\":[{\"@type\":\"SearchAction\",\"target\":{\"@type\":\"EntryPoint\",\"urlTemplate\":\"https:\/\/www.learningpro.ro\/?s={search_term_string}\"},\"query-input\":{\"@type\":\"PropertyValueSpecification\",\"valueRequired\":true,\"valueName\":\"search_term_string\"}}],\"inLanguage\":\"en-US\"},{\"@type\":\"Organization\",\"@id\":\"https:\/\/www.learningpro.ro\/#organization\",\"name\":\"Learning Pro\",\"alternateName\":\"Learning Pro Consulting\",\"url\":\"https:\/\/www.learningpro.ro\/\",\"logo\":{\"@type\":\"ImageObject\",\"inLanguage\":\"en-US\",\"@id\":\"https:\/\/www.learningpro.ro\/#\/schema\/logo\/image\/\",\"url\":\"https:\/\/www.learningpro.ro\/wp-content\/uploads\/2023\/02\/Learning-Pro.svg\",\"contentUrl\":\"https:\/\/www.learningpro.ro\/wp-content\/uploads\/2023\/02\/Learning-Pro.svg\",\"width\":1,\"height\":1,\"caption\":\"Learning Pro\"},\"image\":{\"@id\":\"https:\/\/www.learningpro.ro\/#\/schema\/logo\/image\/\"},\"sameAs\":[\"https:\/\/www.facebook.com\/learningpro\/\",\"https:\/\/x.com\/Learning_Pro\",\"https:\/\/www.linkedin.com\/company\/LearningPro\/\",\"https:\/\/ro.pinterest.com\/learningpro\/\",\"https:\/\/www.youtube.com\/user\/LearningProTV\"]}]}<\/script>\n<!-- \/ Yoast SEO plugin. -->","yoast_head_json":{"title":"Despre Noi - Learning Pro a fost fondat\u0103 \u00een anul 2010 - Cosmina Coman","description":"Despre Noi - Learning Pro a fost fondat\u0103 \u00een anul 2010 pornind de la convingerea noastr\u0103 c\u0103 secolul 21 va cere organiza\u021biilor \u0219i angaja\u021bilor lor s\u0103 \u00eenve\u021be continuu: \u00een orice form\u0103, \u00een fiecare zi, \u00een domenii variate, cuno\u0219tin\u021be generale sau specializate \u0219i abilit\u0103\u021bi noi care din ce \u00een ce mai mult trebuie uitate","robots":{"index":"index","follow":"follow","max-snippet":"max-snippet:-1","max-image-preview":"max-image-preview:large","max-video-preview":"max-video-preview:-1"},"canonical":"https:\/\/www.learningpro.ro\/despre-noi\/","og_locale":"en_US","og_type":"article","og_title":"Despre Noi - Learning Pro a fost fondat\u0103 \u00een anul 2010 - Cosmina Coman","og_description":"Despre Noi - Learning Pro a fost fondat\u0103 \u00een anul 2010 pornind de la convingerea noastr\u0103 c\u0103 secolul 21 va cere organiza\u021biilor \u0219i angaja\u021bilor lor s\u0103 \u00eenve\u021be continuu: \u00een orice form\u0103, \u00een fiecare zi, \u00een domenii variate, cuno\u0219tin\u021be generale sau specializate \u0219i abilit\u0103\u021bi noi care din ce \u00een ce mai mult trebuie uitate","og_url":"https:\/\/www.learningpro.ro\/despre-noi\/","og_site_name":"Learning Pro","article_publisher":"https:\/\/www.facebook.com\/learningpro\/","article_modified_time":"2020-02-19T08:25:42+00:00","og_image":[{"url":"http:\/\/www.learningpro.ro\/wp-content\/uploads\/2017\/10\/home_meeting_event5.png","type":"","width":"","height":""}],"twitter_card":"summary_large_image","twitter_site":"@Learning_Pro","twitter_misc":{"Est. reading time":"6 minutes"},"schema":{"@context":"https:\/\/schema.org","@graph":[{"@type":"WebPage","@id":"https:\/\/www.learningpro.ro\/despre-noi\/","url":"https:\/\/www.learningpro.ro\/despre-noi\/","name":"Despre Noi - Learning Pro a fost fondat\u0103 \u00een anul 2010 - Cosmina Coman","isPartOf":{"@id":"https:\/\/www.learningpro.ro\/#website"},"primaryImageOfPage":{"@id":"https:\/\/www.learningpro.ro\/despre-noi\/#primaryimage"},"image":{"@id":"https:\/\/www.learningpro.ro\/despre-noi\/#primaryimage"},"thumbnailUrl":"http:\/\/www.learningpro.ro\/wp-content\/uploads\/2017\/10\/home_meeting_event5.png","datePublished":"2018-02-07T06:02:50+00:00","dateModified":"2020-02-19T08:25:42+00:00","description":"Despre Noi - Learning Pro a fost fondat\u0103 \u00een anul 2010 pornind de la convingerea noastr\u0103 c\u0103 secolul 21 va cere organiza\u021biilor \u0219i angaja\u021bilor lor s\u0103 \u00eenve\u021be continuu: \u00een orice form\u0103, \u00een fiecare zi, \u00een domenii variate, cuno\u0219tin\u021be generale sau specializate \u0219i abilit\u0103\u021bi noi care din ce \u00een ce mai mult trebuie uitate","breadcrumb":{"@id":"https:\/\/www.learningpro.ro\/despre-noi\/#breadcrumb"},"inLanguage":"en-US","potentialAction":[{"@type":"ReadAction","target":["https:\/\/www.learningpro.ro\/despre-noi\/"]}]},{"@type":"ImageObject","inLanguage":"en-US","@id":"https:\/\/www.learningpro.ro\/despre-noi\/#primaryimage","url":"http:\/\/www.learningpro.ro\/wp-content\/uploads\/2017\/10\/home_meeting_event5.png","contentUrl":"http:\/\/www.learningpro.ro\/wp-content\/uploads\/2017\/10\/home_meeting_event5.png"},{"@type":"BreadcrumbList","@id":"https:\/\/www.learningpro.ro\/despre-noi\/#breadcrumb","itemListElement":[{"@type":"ListItem","position":1,"name":"Prima pagin\u0103","item":"https:\/\/www.learningpro.ro\/"},{"@type":"ListItem","position":2,"name":"Despre Noi"}]},{"@type":"WebSite","@id":"https:\/\/www.learningpro.ro\/#website","url":"https:\/\/www.learningpro.ro\/","name":"Learning Pro","description":"Your Knowledge Journey","publisher":{"@id":"https:\/\/www.learningpro.ro\/#organization"},"potentialAction":[{"@type":"SearchAction","target":{"@type":"EntryPoint","urlTemplate":"https:\/\/www.learningpro.ro\/?s={search_term_string}"},"query-input":{"@type":"PropertyValueSpecification","valueRequired":true,"valueName":"search_term_string"}}],"inLanguage":"en-US"},{"@type":"Organization","@id":"https:\/\/www.learningpro.ro\/#organization","name":"Learning Pro","alternateName":"Learning Pro Consulting","url":"https:\/\/www.learningpro.ro\/","logo":{"@type":"ImageObject","inLanguage":"en-US","@id":"https:\/\/www.learningpro.ro\/#\/schema\/logo\/image\/","url":"https:\/\/www.learningpro.ro\/wp-content\/uploads\/2023\/02\/Learning-Pro.svg","contentUrl":"https:\/\/www.learningpro.ro\/wp-content\/uploads\/2023\/02\/Learning-Pro.svg","width":1,"height":1,"caption":"Learning Pro"},"image":{"@id":"https:\/\/www.learningpro.ro\/#\/schema\/logo\/image\/"},"sameAs":["https:\/\/www.facebook.com\/learningpro\/","https:\/\/x.com\/Learning_Pro","https:\/\/www.linkedin.com\/company\/LearningPro\/","https:\/\/ro.pinterest.com\/learningpro\/","https:\/\/www.youtube.com\/user\/LearningProTV"]}]}},"_links":{"self":[{"href":"https:\/\/www.learningpro.ro\/en\/wp-json\/wp\/v2\/pages\/155","targetHints":{"allow":["GET"]}}],"collection":[{"href":"https:\/\/www.learningpro.ro\/en\/wp-json\/wp\/v2\/pages"}],"about":[{"href":"https:\/\/www.learningpro.ro\/en\/wp-json\/wp\/v2\/types\/page"}],"author":[{"embeddable":true,"href":"https:\/\/www.learningpro.ro\/en\/wp-json\/wp\/v2\/users\/1"}],"replies":[{"embeddable":true,"href":"https:\/\/www.learningpro.ro\/en\/wp-json\/wp\/v2\/comments?post=155"}],"version-history":[{"count":132,"href":"https:\/\/www.learningpro.ro\/en\/wp-json\/wp\/v2\/pages\/155\/revisions"}],"predecessor-version":[{"id":1471,"href":"https:\/\/www.learningpro.ro\/en\/wp-json\/wp\/v2\/pages\/155\/revisions\/1471"}],"wp:attachment":[{"href":"https:\/\/www.learningpro.ro\/en\/wp-json\/wp\/v2\/media?parent=155"}],"curies":[{"name":"wp","href":"https:\/\/api.w.org\/{rel}","templated":true}]}}